{"id":1030,"date":"2025-10-31T18:11:42","date_gmt":"2025-10-31T18:11:42","guid":{"rendered":"https:\/\/aegnunes.pt\/?page_id=1030"},"modified":"2025-11-16T12:38:39","modified_gmt":"2025-11-16T12:38:39","slug":"laboratorio-de-educacao-digital-led","status":"publish","type":"page","link":"https:\/\/aegnunes.pt\/?page_id=1030","title":{"rendered":"Laborat\u00f3rio de Educa\u00e7\u00e3o Digital &#8211; LED"},"content":{"rendered":"\t\t<div data-elementor-type=\"wp-page\" data-elementor-id=\"1030\" class=\"elementor elementor-1030\" data-elementor-post-type=\"page\">\n\t\t\t\t<div class=\"elementor-element elementor-element-5402e08 e-con-full e-flex e-con e-parent\" data-id=\"5402e08\" data-element_type=\"container\">\n\t\t\t\t<div class=\"elementor-element elementor-element-322a071 elementor-widget__width-initial elementor-widget elementor-widget-heading\" data-id=\"322a071\" data-element_type=\"widget\" data-widget_type=\"heading.default\">\n\t\t\t\t\t<h2 class=\"elementor-heading-title elementor-size-default\">LED - Laborat\u00f3rio de Educa\u00e7\u00e3o Digital<\/h2>\t\t\t\t<\/div>\n\t\t\t\t<div class=\"elementor-element elementor-element-293e369 elementor-widget elementor-widget-spacer\" data-id=\"293e369\" data-element_type=\"widget\" data-widget_type=\"spacer.default\">\n\t\t\t\t\t\t\t<div class=\"elementor-spacer\">\n\t\t\t<div class=\"elementor-spacer-inner\"><\/div>\n\t\t<\/div>\n\t\t\t\t\t\t<\/div>\n\t\t<div class=\"elementor-element elementor-element-7f42a80 e-con-full e-flex e-con e-child\" data-id=\"7f42a80\" data-element_type=\"container\">\n\t\t<div class=\"elementor-element elementor-element-146d242 e-grid e-con-full e-con e-child\" data-id=\"146d242\" data-element_type=\"container\">\n\t\t\t\t<div class=\"elementor-element elementor-element-28f2cde elementor-widget elementor-widget-text-editor\" data-id=\"28f2cde\" data-element_type=\"widget\" data-widget_type=\"text-editor.default\">\n\t\t\t\t\t\t\t\t\t<p>\u00a0<\/p><p><span style=\"color: #000000;\">A instala\u00e7\u00e3o de um LABORAT\u00d3RIO DE EDUCA\u00c7\u00c3O DIGITAL (LED) na Escola B\u00e1sica Gon\u00e7alo Nunes (2.\u00ba e 3.\u00ba Ciclos) visa a integra\u00e7\u00e3o transversal das tecnologias digitais no processo de ensino e de aprendizagem.<\/span><\/p>\t\t\t\t\t\t\t\t<\/div>\n\t\t\t\t<div class=\"elementor-element elementor-element-091972a elementor-widget elementor-widget-image\" data-id=\"091972a\" data-element_type=\"widget\" data-widget_type=\"image.default\">\n\t\t\t\t\t\t\t\t\t\t\t\t\t\t\t<img decoding=\"async\" width=\"297\" height=\"136\" src=\"https:\/\/aegnunes.pt\/wp-content\/uploads\/2025\/10\/Led.jpg\" class=\"attachment-medium size-medium wp-image-1033\" alt=\"\" \/>\t\t\t\t\t\t\t\t\t\t\t\t\t\t\t<\/div>\n\t\t\t\t<div class=\"elementor-element elementor-element-0c110be elementor-icon-list--layout-traditional elementor-list-item-link-full_width elementor-widget elementor-widget-icon-list\" data-id=\"0c110be\" data-element_type=\"widget\" data-widget_type=\"icon-list.default\">\n\t\t\t\t\t\t\t<ul class=\"elementor-icon-list-items\">\n\t\t\t\t\t\t\t<li class=\"elementor-icon-list-item\">\n\t\t\t\t\t\t\t\t\t\t\t<a href=\"https:\/\/aegnunes.pt\/wp-content\/uploads\/2025\/11\/Regulamento-led-2025.pdf\" target=\"_blank\">\n\n\t\t\t\t\t\t\t\t\t\t\t\t<span class=\"elementor-icon-list-icon\">\n\t\t\t\t\t\t\t<svg aria-hidden=\"true\" class=\"e-font-icon-svg e-fas-check\" viewBox=\"0 0 512 512\" xmlns=\"http:\/\/www.w3.org\/2000\/svg\"><path d=\"M173.898 439.404l-166.4-166.4c-9.997-9.997-9.997-26.206 0-36.204l36.203-36.204c9.997-9.998 26.207-9.998 36.204 0L192 312.69 432.095 72.596c9.997-9.997 26.207-9.997 36.204 0l36.203 36.204c9.997 9.997 9.997 26.206 0 36.204l-294.4 294.401c-9.998 9.997-26.207 9.997-36.204-.001z\"><\/path><\/svg>\t\t\t\t\t\t<\/span>\n\t\t\t\t\t\t\t\t\t\t<span class=\"elementor-icon-list-text\">Regulamento do laborat\u00f3rio de Educa\u00e7\u00e3o Digital - LED<\/span>\n\t\t\t\t\t\t\t\t\t\t\t<\/a>\n\t\t\t\t\t\t\t\t\t<\/li>\n\t\t\t\t\t\t\t\t<li class=\"elementor-icon-list-item\">\n\t\t\t\t\t\t\t\t\t\t\t<a href=\"https:\/\/aegnunes.pt\/wp-content\/uploads\/2025\/10\/Ebook-Encontro-LED-2025-AEGN.pdf\" target=\"_blank\">\n\n\t\t\t\t\t\t\t\t\t\t\t\t<span class=\"elementor-icon-list-icon\">\n\t\t\t\t\t\t\t<svg aria-hidden=\"true\" class=\"e-font-icon-svg e-fas-check\" viewBox=\"0 0 512 512\" xmlns=\"http:\/\/www.w3.org\/2000\/svg\"><path d=\"M173.898 439.404l-166.4-166.4c-9.997-9.997-9.997-26.206 0-36.204l36.203-36.204c9.997-9.998 26.207-9.998 36.204 0L192 312.69 432.095 72.596c9.997-9.997 26.207-9.997 36.204 0l36.203 36.204c9.997 9.997 9.997 26.206 0 36.204l-294.4 294.401c-9.998 9.997-26.207 9.997-36.204-.001z\"><\/path><\/svg>\t\t\t\t\t\t<\/span>\n\t\t\t\t\t\t\t\t\t\t<span class=\"elementor-icon-list-text\">Ebook  Integra\u00e7\u00e3o Curricular do LED<\/span>\n\t\t\t\t\t\t\t\t\t\t\t<\/a>\n\t\t\t\t\t\t\t\t\t<\/li>\n\t\t\t\t\t\t<\/ul>\n\t\t\t\t\t\t<\/div>\n\t\t\t\t<\/div>\n\t\t<div class=\"elementor-element elementor-element-0162467 e-con-full e-flex e-con e-child\" data-id=\"0162467\" data-element_type=\"container\">\n\t\t\t\t<div class=\"elementor-element elementor-element-4cea9d1 elementor-widget__width-initial elementor-widget elementor-widget-image\" data-id=\"4cea9d1\" data-element_type=\"widget\" data-widget_type=\"image.default\">\n\t\t\t\t\t\t\t\t\t\t\t\t\t\t\t<img fetchpriority=\"high\" decoding=\"async\" width=\"768\" height=\"206\" src=\"https:\/\/aegnunes.pt\/wp-content\/uploads\/2025\/10\/image-2-768x206.png\" class=\"attachment-medium_large size-medium_large wp-image-1032\" alt=\"\" srcset=\"https:\/\/aegnunes.pt\/wp-content\/uploads\/2025\/10\/image-2-768x206.png 768w, https:\/\/aegnunes.pt\/wp-content\/uploads\/2025\/10\/image-2-300x80.png 300w, https:\/\/aegnunes.pt\/wp-content\/uploads\/2025\/10\/image-2-1024x274.png 1024w, https:\/\/aegnunes.pt\/wp-content\/uploads\/2025\/10\/image-2-1536x412.png 1536w, https:\/\/aegnunes.pt\/wp-content\/uploads\/2025\/10\/image-2.png 1855w\" sizes=\"(max-width: 768px) 100vw, 768px\" \/>\t\t\t\t\t\t\t\t\t\t\t\t\t\t\t<\/div>\n\t\t<div class=\"elementor-element elementor-element-827cd65 e-con-full e-flex e-con e-child\" data-id=\"827cd65\" data-element_type=\"container\" data-settings=\"{&quot;shape_divider_bottom&quot;:&quot;opacity-tilt&quot;}\">\n\t\t\t\t<div class=\"elementor-shape elementor-shape-bottom\" aria-hidden=\"true\" data-negative=\"false\">\n\t\t\t<svg xmlns=\"http:\/\/www.w3.org\/2000\/svg\" viewBox=\"0 0 2600 131.1\" preserveAspectRatio=\"none\">\n\t<path class=\"elementor-shape-fill\" d=\"M0 0L2600 0 2600 69.1 0 0z\"\/>\n\t<path class=\"elementor-shape-fill\" style=\"opacity:0.5\" d=\"M0 0L2600 0 2600 69.1 0 69.1z\"\/>\n\t<path class=\"elementor-shape-fill\" style=\"opacity:0.25\" d=\"M2600 0L0 0 0 130.1 2600 69.1z\"\/>\n<\/svg>\t\t<\/div>\n\t\t\t\t<div class=\"elementor-element elementor-element-05c87b6 elementor-widget elementor-widget-text-editor\" data-id=\"05c87b6\" data-element_type=\"widget\" data-widget_type=\"text-editor.default\">\n\t\t\t\t\t\t\t\t\t<p><span style=\"color: #000000;\">Os Laborat\u00f3rios de Educa\u00e7\u00e3o Digital (LED) visam a inova\u00e7\u00e3o educativa e pedag\u00f3gica, o desenvolvimento de compet\u00eancias digitais, bem como a promo\u00e7\u00e3o da recupera\u00e7\u00e3o das aprendizagens, no \u00e2mbito do definido no Plano 21|23 Escola+, Eixo &#8220;Ensinar e Aprender&#8221;, dom\u00ednio +Recursos Educativos, sobre a a\u00e7\u00e3o espec\u00edfica &#8220;Recuperar com o Digital&#8221;.<\/span><\/p><p><span style=\"color: #000000;\"><em>Objetivos:<\/em><\/span><\/p><ul><li><span style=\"color: #000000;\">A instala\u00e7\u00e3o de um Laborat\u00f3rio de Educa\u00e7\u00e3o Digital (LED) na Escola B\u00e1sica Gon\u00e7alo Nunes, destinado aos alunos dos 2.\u00ba e 3.\u00ba Ciclos, dever\u00e1 contribuir para apoiar as escolas na integra\u00e7\u00e3o das tecnologias digitais, no processo de ensino e de aprendizagem.<\/span><\/li><li><span style=\"color: #000000;\">Pretende-se que o LED seja um espa\u00e7o de suporte \u00e0 aprendizagem, que proporcione a docentes e alunos o contacto e a utiliza\u00e7\u00e3o de recursos e equipamentos tecnol\u00f3gicos, em estreita articula\u00e7\u00e3o com o desenvolvimento de atividades curriculares e\/ou extracurriculares.<\/span><\/li><li><span style=\"color: #000000;\">Com esses recursos e equipamentos, os alunos podem realizar atividades pr\u00e1ticas, pesquisar e organizar informa\u00e7\u00e3o, modelar, manipular vari\u00e1veis, realizar experi\u00eancias, analisar resultados, automatizar processos, criar artefactos e solu\u00e7\u00f5es, entre outros, potenciando a sua experi\u00eancia de aprendizagem e o desenvolvimento das suas compet\u00eancias.<\/span><\/li><li><span style=\"color: #000000;\">Para apoiar estas din\u00e2micas pedag\u00f3gicas, ser\u00e3o disponibilizados v\u00e1rios cen\u00e1rios\/gui\u00f5es de aprendizagem, entre outros materiais, aplic\u00e1veis a v\u00e1rios contextos disciplinares e interdisciplinares, que ser\u00e3o fornecidos \u00e0s escolas para que os professores possam, a partir destes exemplos, criar\/adaptar os seus pr\u00f3prios cen\u00e1rios e implement\u00e1-los com os seus alunos.<\/span><\/li><\/ul><p>\u00a0<\/p><p><strong><span style=\"color: #000000;\">LED do Agrupamento:<\/span><\/strong><\/p><p>\u00a0<\/p><p><strong><span style=\"color: #000000;\">LED 2: Equipamento comum + \u00c1rea da Programa\u00e7\u00e3o e Rob\u00f3tica + \u00c1rea Artes e Multim\u00e9dia.<\/span><\/strong><\/p><p><span style=\"color: #000000;\">\u200b<\/span><\/p><p><span style=\"color: #000000;\">Este tipo de LED \u00e9 constitu\u00eddo por tr\u00eas \u00e1reas: \u00c1rea Comum,\u00a0 \u00c1rea da Programa\u00e7\u00e3o e Rob\u00f3tica e \u00c1rea das Artes e Multim\u00e9dia.<\/span><\/p><p><span style=\"color: #000000;\">\u200b<\/span><\/p><p><span style=\"color: #000000;\">\u00a0<strong> \u00a0 \u00a0Kit Programa\u00e7\u00e3o e Rob\u00f3tica<\/strong>\u00a0<\/span><\/p><p><span style=\"color: #000000;\">\u200b<\/span><\/p><p><span style=\"color: #000000;\">Este kit privilegia componentes que promovam o desenvolvimento de projetos associados \u00e0 programa\u00e7\u00e3o e rob\u00f3tica em diferentes contextos. Para um contexto b\u00e1sico de utiliza\u00e7\u00e3o foram escolhidos componentes (placas eletr\u00f3nicas de desenvolvimento simples e r\u00e1pido) que permitem o trabalho individualizado dos alunos. Integrou-se tamb\u00e9m um conjunto de sensores, com o intuito de promover a evolu\u00e7\u00e3o da dificuldade e complexidade dos projetos.<\/span><\/p><p><span style=\"color: #000000;\">\u00a0Para um contexto avan\u00e7ado foram selecionadas placas Ardu\u00edno, complementadas com sensores, placas de suporte ao desenvolvimento e sensores de temperatura resistentes \u00e0 \u00e1gua. Conhecidas pela sua capacidade de suportar projetos relacionados com a rob\u00f3tica e a programa\u00e7\u00e3o, as placas baseadas no Ardu\u00edno s\u00e3o uma refer\u00eancia no desenvolvimento da programa\u00e7\u00e3o interm\u00e9dia e avan\u00e7ada, nas \u00e1reas da eletr\u00f3nica, programa\u00e7\u00e3o e da rob\u00f3tica.\u00a0 \u00a0<\/span><\/p><p>\u00a0<\/p><p><span style=\"color: #000000;\">\u00a0 \u00a0 <strong>\u00a0Kit Artes e Multim\u00e9dia<\/strong><\/span><\/p><p><span style=\"color: #000000;\">\u200b<\/span><\/p><p><span style=\"color: #000000;\">Este kit foca-se no desenvolvimento de projetos com componentes de \u00e1udio, v\u00eddeo, tratamento de imagem e de desenho digital. Assim, inclui um kit Choma Key com 5 fundos e um sistema de ilumina\u00e7\u00e3o, uma mesa de mistura v\u00eddeo com 2 entradas e transi\u00e7\u00f5es, uma placa de entrada v\u00eddeo para PC \u2013 adicionando uma nova fonte de informa\u00e7\u00e3o, um controlador stream para realiza\u00e7\u00e3o e produ\u00e7\u00e3o (muito utilizado para composi\u00e7\u00e3o de v\u00eddeo em direto), um kit de duas colunas, acompanhadas com uma mesa de mistura de \u00e1udio de 8 entradas (tamb\u00e9m \u00fatil para ligar os 2 kits de microfones + trip\u00e9s tamb\u00e9m neste kit), duas m\u00e1quinas fotogr\u00e1ficas para trabalhos de imagens (com capacidade de grava\u00e7\u00e3o v\u00eddeo 4K), associando-se 2 microfones de m\u00e1quinas fotogr\u00e1ficas externos.\u00a0<\/span><\/p><p><span style=\"color: #000000;\">Este kit apresenta tamb\u00e9m uma m\u00e1quina de v\u00eddeo com qualidade semiprofissional para projetos mais complexos. Tem, ainda, um teleponto que imprime din\u00e2micas que apelam ao desenvolvimento de outras compet\u00eancias transversais e 2 microfones sem fios com liga\u00e7\u00e3o simples, um gravador \u00e1udio profissional para entrevistas e recolha de sons \u2013 j\u00e1 com cart\u00e3o SD e, em complemento \u00e0 \u00e1rea art\u00edstica, mesas digitalizadoras com canetas, 4K e Bluetooth, permitindo diferentes desenvolvimentos de produ\u00e7\u00e3o gr\u00e1fica.\u00a0<\/span><\/p><p><span style=\"color: #000000;\">\u200b<\/span><\/p><p><span style=\"color: #000000;\">O Coordenador<\/span><\/p><p><span style=\"color: #000000;\">\u00a0Eug\u00e9nio Ribeiro<\/span><\/p>\t\t\t\t\t\t\t\t<\/div>\n\t\t\t\t<\/div>\n\t\t\t\t<\/div>\n\t\t\t\t<\/div>\n\t\t\t\t<\/div>\n\t\t<div class=\"elementor-element elementor-element-8762e10 e-flex e-con-boxed e-con e-parent\" data-id=\"8762e10\" data-element_type=\"container\">\n\t\t\t\t\t<div class=\"e-con-inner\">\n\t\t\t\t<div class=\"elementor-element elementor-element-9cb78d6 elementor-skin-coverflow elementor-arrows-yes elementor-pagination-type-bullets elementor-pagination-position-outside elementor-widget elementor-widget-media-carousel\" data-id=\"9cb78d6\" data-element_type=\"widget\" data-settings=\"{&quot;skin&quot;:&quot;coverflow&quot;,&quot;show_arrows&quot;:&quot;yes&quot;,&quot;pagination&quot;:&quot;bullets&quot;,&quot;speed&quot;:500,&quot;autoplay&quot;:&quot;yes&quot;,&quot;autoplay_speed&quot;:5000,&quot;loop&quot;:&quot;yes&quot;,&quot;pause_on_hover&quot;:&quot;yes&quot;,&quot;pause_on_interaction&quot;:&quot;yes&quot;,&quot;space_between&quot;:{&quot;unit&quot;:&quot;px&quot;,&quot;size&quot;:10,&quot;sizes&quot;:[]},&quot;space_between_tablet&quot;:{&quot;unit&quot;:&quot;px&quot;,&quot;size&quot;:10,&quot;sizes&quot;:[]},&quot;space_between_mobile&quot;:{&quot;unit&quot;:&quot;px&quot;,&quot;size&quot;:10,&quot;sizes&quot;:[]}}\" data-widget_type=\"media-carousel.default\">\n\t\t\t\t\t\t\t\t\t\t<div class=\"elementor-main-swiper swiper\" role=\"region\" aria-roledescription=\"carousel\" aria-label=\"Slides\">\n\t\t\t\t<div class=\"swiper-wrapper\">\n\t\t\t\t\t\t\t\t\t\t\t<div class=\"swiper-slide\" role=\"group\" aria-roledescription=\"slide\">\n\t\t\t\t\t\t\t\t\t<div class=\"elementor-carousel-image\" role=\"img\" aria-label=\"20240305_164111\" style=\"background-image: url(&#039;https:\/\/aegnunes.pt\/wp-content\/uploads\/2025\/10\/20240305_164111-scaled.jpg&#039;)\">\n\n\t\t\t\n\t\t\t\t\t<\/div>\n\t\t\t\t\t\t\t\t<\/div>\n\t\t\t\t\t\t\t\t\t\t\t<div class=\"swiper-slide\" role=\"group\" aria-roledescription=\"slide\">\n\t\t\t\t\t\t\t\t\t<div class=\"elementor-carousel-image\" role=\"img\" aria-label=\"20240305_164102\" style=\"background-image: url(&#039;https:\/\/aegnunes.pt\/wp-content\/uploads\/2025\/10\/20240305_164102-scaled.jpg&#039;)\">\n\n\t\t\t\n\t\t\t\t\t<\/div>\n\t\t\t\t\t\t\t\t<\/div>\n\t\t\t\t\t\t\t\t\t\t\t<div class=\"swiper-slide\" role=\"group\" aria-roledescription=\"slide\">\n\t\t\t\t\t\t\t\t\t<div class=\"elementor-carousel-image\" role=\"img\" aria-label=\"20240305_163953\" style=\"background-image: url(&#039;https:\/\/aegnunes.pt\/wp-content\/uploads\/2025\/10\/20240305_163953-scaled.jpg&#039;)\">\n\n\t\t\t\n\t\t\t\t\t<\/div>\n\t\t\t\t\t\t\t\t<\/div>\n\t\t\t\t\t\t\t\t\t\t\t<div class=\"swiper-slide\" role=\"group\" aria-roledescription=\"slide\">\n\t\t\t\t\t\t\t\t\t<div class=\"elementor-carousel-image\" role=\"img\" aria-label=\"20240305_154713\" style=\"background-image: url(&#039;https:\/\/aegnunes.pt\/wp-content\/uploads\/2025\/10\/20240305_154713-scaled.jpg&#039;)\">\n\n\t\t\t\n\t\t\t\t\t<\/div>\n\t\t\t\t\t\t\t\t<\/div>\n\t\t\t\t\t\t\t\t\t\t\t<div class=\"swiper-slide\" role=\"group\" aria-roledescription=\"slide\">\n\t\t\t\t\t\t\t\t\t<div class=\"elementor-carousel-image\" role=\"img\" aria-label=\"20240227_165735\" style=\"background-image: url(&#039;https:\/\/aegnunes.pt\/wp-content\/uploads\/2025\/10\/20240227_165735-scaled.jpg&#039;)\">\n\n\t\t\t\n\t\t\t\t\t<\/div>\n\t\t\t\t\t\t\t\t<\/div>\n\t\t\t\t\t\t\t\t\t\t\t<div class=\"swiper-slide\" role=\"group\" aria-roledescription=\"slide\">\n\t\t\t\t\t\t\t\t\t<div class=\"elementor-carousel-image\" role=\"img\" aria-label=\"20240227_164755\" style=\"background-image: url(&#039;https:\/\/aegnunes.pt\/wp-content\/uploads\/2025\/10\/20240227_164755-scaled.jpg&#039;)\">\n\n\t\t\t\n\t\t\t\t\t<\/div>\n\t\t\t\t\t\t\t\t<\/div>\n\t\t\t\t\t\t\t\t\t<\/div>\n\t\t\t\t\t\t\t\t\t\t\t\t\t\t\t<div class=\"elementor-swiper-button elementor-swiper-button-prev\" role=\"button\" tabindex=\"0\" aria-label=\"Previous\">\n\t\t\t\t\t\t\t<svg aria-hidden=\"true\" class=\"e-font-icon-svg e-eicon-chevron-left\" viewBox=\"0 0 1000 1000\" xmlns=\"http:\/\/www.w3.org\/2000\/svg\"><path d=\"M646 125C629 125 613 133 604 142L308 442C296 454 292 471 292 487 292 504 296 521 308 533L604 854C617 867 629 875 646 875 663 875 679 871 692 858 704 846 713 829 713 812 713 796 708 779 692 767L438 487 692 225C700 217 708 204 708 187 708 171 704 154 692 142 675 129 663 125 646 125Z\"><\/path><\/svg>\t\t\t\t\t\t<\/div>\n\t\t\t\t\t\t<div class=\"elementor-swiper-button elementor-swiper-button-next\" role=\"button\" tabindex=\"0\" aria-label=\"Next\">\n\t\t\t\t\t\t\t<svg aria-hidden=\"true\" class=\"e-font-icon-svg e-eicon-chevron-right\" viewBox=\"0 0 1000 1000\" xmlns=\"http:\/\/www.w3.org\/2000\/svg\"><path d=\"M696 533C708 521 713 504 713 487 713 471 708 454 696 446L400 146C388 133 375 125 354 125 338 125 325 129 313 142 300 154 292 171 292 187 292 204 296 221 308 233L563 492 304 771C292 783 288 800 288 817 288 833 296 850 308 863 321 871 338 875 354 875 371 875 388 867 400 854L696 533Z\"><\/path><\/svg>\t\t\t\t\t\t<\/div>\n\t\t\t\t\t\t\t\t\t\t\t\t\t\t\t\t<div class=\"swiper-pagination\"><\/div>\n\t\t\t\t\t\t\t\t\t\t\t\t<\/div>\n\t\t\t\t\t\t\t\t<\/div>\n\t\t\t\t<div class=\"elementor-element elementor-element-4788250 elementor-widget elementor-widget-spacer\" data-id=\"4788250\" data-element_type=\"widget\" data-widget_type=\"spacer.default\">\n\t\t\t\t\t\t\t<div class=\"elementor-spacer\">\n\t\t\t<div class=\"elementor-spacer-inner\"><\/div>\n\t\t<\/div>\n\t\t\t\t\t\t<\/div>\n\t\t\t\t\t<\/div>\n\t\t\t\t<\/div>\n\t\t\t\t<\/div>\n\t\t","protected":false},"excerpt":{"rendered":"<p>LED &#8211; Laborat\u00f3rio de Educa\u00e7\u00e3o Digital \u00a0 A instala\u00e7\u00e3o de um LABORAT\u00d3RIO DE EDUCA\u00c7\u00c3O DIGITAL (LED) na Escola B\u00e1sica Gon\u00e7alo Nunes (2.\u00ba e 3.\u00ba Ciclos) visa a integra\u00e7\u00e3o transversal das tecnologias digitais no processo de ensino e de aprendizagem. Regulamento do laborat\u00f3rio de Educa\u00e7\u00e3o Digital &#8211; LED Ebook Integra\u00e7\u00e3o Curricular do LED Os Laborat\u00f3rios de [&hellip;]<\/p>\n","protected":false},"author":1,"featured_media":0,"parent":0,"menu_order":0,"comment_status":"closed","ping_status":"closed","template":"","meta":{"footnotes":""},"class_list":["post-1030","page","type-page","status-publish","hentry"],"_links":{"self":[{"href":"https:\/\/aegnunes.pt\/index.php?rest_route=\/wp\/v2\/pages\/1030","targetHints":{"allow":["GET"]}}],"collection":[{"href":"https:\/\/aegnunes.pt\/index.php?rest_route=\/wp\/v2\/pages"}],"about":[{"href":"https:\/\/aegnunes.pt\/index.php?rest_route=\/wp\/v2\/types\/page"}],"author":[{"embeddable":true,"href":"https:\/\/aegnunes.pt\/index.php?rest_route=\/wp\/v2\/users\/1"}],"replies":[{"embeddable":true,"href":"https:\/\/aegnunes.pt\/index.php?rest_route=%2Fwp%2Fv2%2Fcomments&post=1030"}],"version-history":[{"count":19,"href":"https:\/\/aegnunes.pt\/index.php?rest_route=\/wp\/v2\/pages\/1030\/revisions"}],"predecessor-version":[{"id":1329,"href":"https:\/\/aegnunes.pt\/index.php?rest_route=\/wp\/v2\/pages\/1030\/revisions\/1329"}],"wp:attachment":[{"href":"https:\/\/aegnunes.pt\/index.php?rest_route=%2Fwp%2Fv2%2Fmedia&parent=1030"}],"curies":[{"name":"wp","href":"https:\/\/api.w.org\/{rel}","templated":true}]}}